{"id":3194,"date":"2025-11-07T15:22:05","date_gmt":"2025-11-07T14:22:05","guid":{"rendered":"https:\/\/www.lemonde-dici.com\/?page_id=3194"},"modified":"2026-03-05T14:46:37","modified_gmt":"2026-03-05T13:46:37","slug":"atelier-fleurs-sens","status":"publish","type":"page","link":"https:\/\/www.lemonde-dici.com\/index.php\/atelier-fleurs-sens\/","title":{"rendered":"Atelier Fleurs &#038; Sens"},"content":{"rendered":"<div id=\"pl-3194\"  class=\"panel-layout\" ><div id=\"pg-3194-0\"  class=\"panel-grid panel-has-style\" ><div class=\"panel-row-style panel-row-style-for-3194-0\" ><div id=\"pgc-3194-0-0\"  class=\"panel-grid-cell\" ><div id=\"panel-3194-0-0-0\" class=\"so-panel widget widget_sow-editor panel-first-child panel-last-child\" data-index=\"0\" ><div\n\t\t\t\n\t\t\tclass=\"so-widget-sow-editor so-widget-sow-editor-base\"\n\t\t\t\n\t\t>\n<div class=\"siteorigin-widget-tinymce textwidget\">\n\t<h1 style=\"text-align: center;\">Atelier Fleurs &amp; Sens<\/h1>\n<\/div>\n<\/div><\/div><\/div><\/div><\/div><div id=\"pg-3194-1\"  class=\"panel-grid panel-has-style\" ><div class=\"panel-row-style panel-row-style-for-3194-1\" ><div id=\"pgc-3194-1-0\"  class=\"panel-grid-cell\" ><div id=\"panel-3194-1-0-0\" class=\"so-panel widget widget_sow-editor panel-first-child\" data-index=\"1\" ><div\n\t\t\t\n\t\t\tclass=\"so-widget-sow-editor so-widget-sow-editor-base\"\n\t\t\t\n\t\t>\n<div class=\"siteorigin-widget-tinymce textwidget\">\n\t<h2><b class=\"\">Un atelier comme une respiration, pour se poser, se retrouver et lib\u00e9rer son inspiration.\u00a0<\/b><\/h2>\n<p><strong>SP\u00c9CIAL PRINTEMPS \/ P\u00c2QUES<\/strong><\/p>\n<\/div>\n<\/div><\/div><div id=\"panel-3194-1-0-1\" class=\"so-panel widget widget_sow-editor\" data-index=\"2\" ><div\n\t\t\t\n\t\t\tclass=\"so-widget-sow-editor so-widget-sow-editor-base\"\n\t\t\t\n\t\t>\n<div class=\"siteorigin-widget-tinymce textwidget\">\n\t<p>Bonne nouvelle : notre atelier Fleurs &amp; Sens revient ! \ud83c\udf37\u2600\ufe0f<\/p>\n<p>&nbsp;<\/p>\n<p>Apr\u00e8s une premi\u00e8re \u00e9dition pleine de douceur et de tr\u00e8s beaux retours, avec Jos\u00e9phine nous avions envie de recr\u00e9er ce moment pour accueillir cette fois le printemps.<\/p>\n<p>&nbsp;<\/p>\n<p>Au programme :<\/p>\n<p>\ud83c\udf3f un moment bien-\u00eatre et sensoriel pour laisser la cr\u00e9ativit\u00e9 fleurir naturellement<\/p>\n<p>\ud83c\udf38 un temps de cr\u00e9ation : guid\u00e9(e) par Jos\u00e9phine, vous r\u00e9alisez votre composition florale de saison<\/p>\n<p>Et pour le reste\u2026 on garde une part de surprise !<\/p>\n<p>&nbsp;<\/p>\n<p>Un atelier comme on les aime : simple, chaleureux, un peu boh\u00e8me\u2026 et tr\u00e8s printanier.<br \/>\nVous repartirez avec votre cr\u00e9ation florale et, on l\u2019esp\u00e8re, un joli rayon de printemps dans le c\u0153ur pour accueillir le renouveau \ud83c\udf3c<\/p>\n<p>&nbsp;<\/p>\n<p>&nbsp;<\/p>\n<p>\u2728 Une deuxi\u00e8me collaboration qui nous tient \u00e0 c\u0153ur\u2026 et seulement 6 places pour pr\u00e9server la magie du moment.<\/p>\n<p>&nbsp;<\/p>\n<p><span class=\"\">\ud83d\udc49<\/span> <strong>Dimanche 22 mars 2026 \u2013 10h \u00e0 12h00 (accueil d\u00e8s 9h45)<\/strong><\/p>\n<p>Atelier de 2h<\/p>\n<p>45\u20ac \/ personne<\/p>\n<p>Au salon bien-\u00eatre Le Monde d\u2019ici : 27 Les Balu\u00e8res - 49610 Soulaines-sur-Aubance<\/p>\n<p>&nbsp;<\/p>\n<p>&nbsp;<\/p>\n<p><span class=\"\">\ud83d\udc49<\/span> Les intervenantes<\/p>\n<p>Jos\u00e9phine Flowers : artisane fleuriste \u00e0 l'univers chic et champ\u00eatre - <a href=\"https:\/\/www.josephines-flowers.fr\/\" target=\"_blank\" rel=\"noopener\">www.josephines-flowers.fr\/<\/a><\/p>\n<p>Val\u00e9rie Delahousse : cr\u00e9atrice bien-\u00eatre multisensorielle<\/p>\n<p>&nbsp;<\/p>\n<p>&nbsp;<\/p>\n<\/div>\n<\/div><\/div><div id=\"panel-3194-1-0-2\" class=\"so-panel widget widget_sow-editor panel-last-child\" data-index=\"3\" ><div\n\t\t\t\n\t\t\tclass=\"so-widget-sow-editor so-widget-sow-editor-base\"\n\t\t\t\n\t\t>\n<div class=\"siteorigin-widget-tinymce textwidget\">\n\t<h2>Comment r\u00e9server ?<\/h2>\n<p>\ud83d\udd17 R\u00e9servation par mail : contact@josephines-flowers.fr<\/p>\n<\/div>\n<\/div><\/div><\/div><div id=\"pgc-3194-1-1\"  class=\"panel-grid-cell\" ><div id=\"panel-3194-1-1-0\" class=\"so-panel widget widget_sow-image panel-first-child panel-last-child\" data-index=\"4\" ><div\n\t\t\t\n\t\t\tclass=\"so-widget-sow-image so-widget-sow-image-default-8b5b6f678277-3194\"\n\t\t\t\n\t\t>\n<div class=\"sow-image-container\">\n\t\t<img \n\tsrc=\"https:\/\/www.lemonde-dici.com\/wp-content\/uploads\/2026\/03\/1.png\" width=\"1000\" height=\"1000\" srcset=\"https:\/\/www.lemonde-dici.com\/wp-content\/uploads\/2026\/03\/1.png 1080w, https:\/\/www.lemonde-dici.com\/wp-content\/uploads\/2026\/03\/1-240x300.png 240w, https:\/\/www.lemonde-dici.com\/wp-content\/uploads\/2026\/03\/1-819x1024.png 819w, https:\/\/www.lemonde-dici.com\/wp-content\/uploads\/2026\/03\/1-768x960.png 768w\" sizes=\"(max-width: 800px) 100vw, 800px\" title=\"Atelier florale et sensoriel\" alt=\"Fleurs &amp; Sens\" \t\tclass=\"so-widget-image\"\/>\n\t<\/div>\n\n<\/div><\/div><\/div><\/div><\/div><\/div>","protected":false},"excerpt":{"rendered":"<p>Atelier Fleurs &amp; Sens Un atelier comme une respiration, pour se poser, se retrouver et lib\u00e9rer son inspiration.\u00a0 SP\u00c9CIAL PRINTEMPS \/ P\u00c2QUES Bonne nouvelle : notre atelier Fleurs &amp; Sens revient ! \ud83c\udf37\u2600\ufe0f &nbsp; Apr\u00e8s une premi\u00e8re \u00e9dition pleine de douceur et de tr\u00e8s beaux retours, avec Jos\u00e9phine nous avions envie de recr\u00e9er ce moment [&hellip;]<\/p>\n","protected":false},"author":2,"featured_media":0,"parent":0,"menu_order":0,"comment_status":"closed","ping_status":"closed","template":"","meta":{"_exactmetrics_skip_tracking":false,"_exactmetrics_sitenote_active":false,"_exactmetrics_sitenote_note":"","_exactmetrics_sitenote_category":0,"footnotes":""},"class_list":["post-3194","page","type-page","status-publish","hentry","post"],"yoast_head":"<!-- This site is optimized with the Yoast SEO plugin v26.4 - https:\/\/yoast.com\/wordpress\/plugins\/seo\/ -->\n<title>Atelier Fleurs &amp; Sens - Le Monde d&#039;ICI<\/title>\n<meta name=\"robots\" content=\"index, follow, max-snippet:-1, max-image-preview:large, max-video-preview:-1\" \/>\n<link rel=\"canonical\" href=\"https:\/\/www.lemonde-dici.com\/index.php\/atelier-fleurs-sens\/\" \/>\n<meta property=\"og:locale\" content=\"fr_FR\" \/>\n<meta property=\"og:type\" content=\"article\" \/>\n<meta property=\"og:title\" content=\"Atelier Fleurs &amp; Sens - Le Monde d&#039;ICI\" \/>\n<meta property=\"og:description\" content=\"Atelier Fleurs &amp; Sens Un atelier comme une respiration, pour se poser, se retrouver et lib\u00e9rer son inspiration.\u00a0 SP\u00c9CIAL PRINTEMPS \/ P\u00c2QUES Bonne nouvelle : notre atelier Fleurs &amp; Sens revient ! \ud83c\udf37\u2600\ufe0f &nbsp; Apr\u00e8s une premi\u00e8re \u00e9dition pleine de douceur et de tr\u00e8s beaux retours, avec Jos\u00e9phine nous avions envie de recr\u00e9er ce moment [&hellip;]\" \/>\n<meta property=\"og:url\" content=\"https:\/\/www.lemonde-dici.com\/index.php\/atelier-fleurs-sens\/\" \/>\n<meta property=\"og:site_name\" content=\"Le Monde d&#039;ICI\" \/>\n<meta property=\"article:modified_time\" content=\"2026-03-05T13:46:37+00:00\" \/>\n<meta name=\"twitter:card\" content=\"summary_large_image\" \/>\n<meta name=\"twitter:label1\" content=\"Dur\u00e9e de lecture estim\u00e9e\" \/>\n\t<meta name=\"twitter:data1\" content=\"2 minutes\" \/>\n<script type=\"application\/ld+json\" class=\"yoast-schema-graph\">{\"@context\":\"https:\/\/schema.org\",\"@graph\":[{\"@type\":\"WebPage\",\"@id\":\"https:\/\/www.lemonde-dici.com\/index.php\/atelier-fleurs-sens\/\",\"url\":\"https:\/\/www.lemonde-dici.com\/index.php\/atelier-fleurs-sens\/\",\"name\":\"Atelier Fleurs & Sens - Le Monde d&#039;ICI\",\"isPartOf\":{\"@id\":\"https:\/\/www.lemonde-dici.com\/#website\"},\"datePublished\":\"2025-11-07T14:22:05+00:00\",\"dateModified\":\"2026-03-05T13:46:37+00:00\",\"breadcrumb\":{\"@id\":\"https:\/\/www.lemonde-dici.com\/index.php\/atelier-fleurs-sens\/#breadcrumb\"},\"inLanguage\":\"fr-FR\",\"potentialAction\":[{\"@type\":\"ReadAction\",\"target\":[\"https:\/\/www.lemonde-dici.com\/index.php\/atelier-fleurs-sens\/\"]}]},{\"@type\":\"BreadcrumbList\",\"@id\":\"https:\/\/www.lemonde-dici.com\/index.php\/atelier-fleurs-sens\/#breadcrumb\",\"itemListElement\":[{\"@type\":\"ListItem\",\"position\":1,\"name\":\"Accueil\",\"item\":\"https:\/\/www.lemonde-dici.com\/\"},{\"@type\":\"ListItem\",\"position\":2,\"name\":\"Atelier Fleurs &#038; Sens\"}]},{\"@type\":\"WebSite\",\"@id\":\"https:\/\/www.lemonde-dici.com\/#website\",\"url\":\"https:\/\/www.lemonde-dici.com\/\",\"name\":\"Le Monde d&#039;ICI\",\"description\":\"\",\"potentialAction\":[{\"@type\":\"SearchAction\",\"target\":{\"@type\":\"EntryPoint\",\"urlTemplate\":\"https:\/\/www.lemonde-dici.com\/?s={search_term_string}\"},\"query-input\":{\"@type\":\"PropertyValueSpecification\",\"valueRequired\":true,\"valueName\":\"search_term_string\"}}],\"inLanguage\":\"fr-FR\"}]}<\/script>\n<!-- \/ Yoast SEO plugin. -->","yoast_head_json":{"title":"Atelier Fleurs & Sens - Le Monde d&#039;ICI","robots":{"index":"index","follow":"follow","max-snippet":"max-snippet:-1","max-image-preview":"max-image-preview:large","max-video-preview":"max-video-preview:-1"},"canonical":"https:\/\/www.lemonde-dici.com\/index.php\/atelier-fleurs-sens\/","og_locale":"fr_FR","og_type":"article","og_title":"Atelier Fleurs & Sens - Le Monde d&#039;ICI","og_description":"Atelier Fleurs &amp; Sens Un atelier comme une respiration, pour se poser, se retrouver et lib\u00e9rer son inspiration.\u00a0 SP\u00c9CIAL PRINTEMPS \/ P\u00c2QUES Bonne nouvelle : notre atelier Fleurs &amp; Sens revient ! \ud83c\udf37\u2600\ufe0f &nbsp; Apr\u00e8s une premi\u00e8re \u00e9dition pleine de douceur et de tr\u00e8s beaux retours, avec Jos\u00e9phine nous avions envie de recr\u00e9er ce moment [&hellip;]","og_url":"https:\/\/www.lemonde-dici.com\/index.php\/atelier-fleurs-sens\/","og_site_name":"Le Monde d&#039;ICI","article_modified_time":"2026-03-05T13:46:37+00:00","twitter_card":"summary_large_image","twitter_misc":{"Dur\u00e9e de lecture estim\u00e9e":"2 minutes"},"schema":{"@context":"https:\/\/schema.org","@graph":[{"@type":"WebPage","@id":"https:\/\/www.lemonde-dici.com\/index.php\/atelier-fleurs-sens\/","url":"https:\/\/www.lemonde-dici.com\/index.php\/atelier-fleurs-sens\/","name":"Atelier Fleurs & Sens - Le Monde d&#039;ICI","isPartOf":{"@id":"https:\/\/www.lemonde-dici.com\/#website"},"datePublished":"2025-11-07T14:22:05+00:00","dateModified":"2026-03-05T13:46:37+00:00","breadcrumb":{"@id":"https:\/\/www.lemonde-dici.com\/index.php\/atelier-fleurs-sens\/#breadcrumb"},"inLanguage":"fr-FR","potentialAction":[{"@type":"ReadAction","target":["https:\/\/www.lemonde-dici.com\/index.php\/atelier-fleurs-sens\/"]}]},{"@type":"BreadcrumbList","@id":"https:\/\/www.lemonde-dici.com\/index.php\/atelier-fleurs-sens\/#breadcrumb","itemListElement":[{"@type":"ListItem","position":1,"name":"Accueil","item":"https:\/\/www.lemonde-dici.com\/"},{"@type":"ListItem","position":2,"name":"Atelier Fleurs &#038; Sens"}]},{"@type":"WebSite","@id":"https:\/\/www.lemonde-dici.com\/#website","url":"https:\/\/www.lemonde-dici.com\/","name":"Le Monde d&#039;ICI","description":"","potentialAction":[{"@type":"SearchAction","target":{"@type":"EntryPoint","urlTemplate":"https:\/\/www.lemonde-dici.com\/?s={search_term_string}"},"query-input":{"@type":"PropertyValueSpecification","valueRequired":true,"valueName":"search_term_string"}}],"inLanguage":"fr-FR"}]}},"_links":{"self":[{"href":"https:\/\/www.lemonde-dici.com\/index.php\/wp-json\/wp\/v2\/pages\/3194","targetHints":{"allow":["GET"]}}],"collection":[{"href":"https:\/\/www.lemonde-dici.com\/index.php\/wp-json\/wp\/v2\/pages"}],"about":[{"href":"https:\/\/www.lemonde-dici.com\/index.php\/wp-json\/wp\/v2\/types\/page"}],"author":[{"embeddable":true,"href":"https:\/\/www.lemonde-dici.com\/index.php\/wp-json\/wp\/v2\/users\/2"}],"replies":[{"embeddable":true,"href":"https:\/\/www.lemonde-dici.com\/index.php\/wp-json\/wp\/v2\/comments?post=3194"}],"version-history":[{"count":19,"href":"https:\/\/www.lemonde-dici.com\/index.php\/wp-json\/wp\/v2\/pages\/3194\/revisions"}],"predecessor-version":[{"id":3560,"href":"https:\/\/www.lemonde-dici.com\/index.php\/wp-json\/wp\/v2\/pages\/3194\/revisions\/3560"}],"wp:attachment":[{"href":"https:\/\/www.lemonde-dici.com\/index.php\/wp-json\/wp\/v2\/media?parent=3194"}],"curies":[{"name":"wp","href":"https:\/\/api.w.org\/{rel}","templated":true}]}}