{"id":3097,"date":"2025-07-02T16:32:44","date_gmt":"2025-07-02T14:32:44","guid":{"rendered":"https:\/\/www.lemonde-dici.com\/?page_id=3097"},"modified":"2026-03-02T12:30:45","modified_gmt":"2026-03-02T11:30:45","slug":"atelier-bien-etre-et-creatif-enfant","status":"publish","type":"page","link":"https:\/\/www.lemonde-dici.com\/index.php\/atelier-bien-etre-et-creatif-enfant\/","title":{"rendered":"Atelier bien \u00eatre et cr\u00e9atif enfant &#8211; \u00ab\u00a0Mon animal Int\u00e9rieur\u00a0\u00bb"},"content":{"rendered":"<div id=\"pl-3097\"  class=\"panel-layout\" ><div id=\"pg-3097-0\"  class=\"panel-grid panel-has-style\" ><div class=\"siteorigin-panels-stretch panel-row-style-full-width panel-row-style panel-row-style-for-3097-0\" style=\"background-color: #ffffff; \" data-stretch-type=\"full\" ><div id=\"pgc-3097-0-0\"  class=\"panel-grid-cell\" ><div id=\"panel-3097-0-0-0\" class=\"so-panel widget widget_sow-editor panel-first-child panel-last-child\" data-index=\"0\" ><div\n\t\t\t\n\t\t\tclass=\"so-widget-sow-editor so-widget-sow-editor-base\"\n\t\t\t\n\t\t>\n<div class=\"siteorigin-widget-tinymce textwidget\">\n\t<h1 style=\"text-align: center;\">Atelier bien \u00eatre et cr\u00e9atif enfant - \"Mon animal Int\u00e9rieur\"<\/h1>\n<p style=\"text-align: center;\"><a href=\"https:\/\/calendly.com\/vdelahousse\/seance-bien-etre?month=2025-12\" target=\"_blank\" rel=\"noopener\">R\u00c9SERVER VOTRE S\u00c9ANCE<\/a><\/p>\n<p style=\"text-align: center;\"><a href=\"https:\/\/www.lemonde-dici.com\/index.php\/cartes-cadeaux-noel\/#commandecarte\" target=\"_blank\" rel=\"noopener\">COMMANDER VOTRE CARTE CADEAU<\/a><\/p>\n<p>&nbsp;<\/p>\n<\/div>\n<\/div><\/div><\/div><\/div><\/div><div id=\"pg-3097-1\"  class=\"panel-grid panel-has-style\" ><div class=\"siteorigin-panels-stretch panel-row-style-full-width panel-row-style panel-row-style-for-3097-1\" style=\"background-color: #ffffff; \" data-stretch-type=\"full\" ><div id=\"pgc-3097-1-0\"  class=\"panel-grid-cell\" ><div id=\"panel-3097-1-0-0\" class=\"so-panel widget widget_sow-editor panel-first-child panel-last-child\" data-index=\"1\" ><div\n\t\t\t\n\t\t\tclass=\"so-widget-sow-editor so-widget-sow-editor-base\"\n\t\t\t\n\t\t>\n<div class=\"siteorigin-widget-tinymce textwidget\">\n\t<p>Je vous propose un atelier bien-\u00eatre et cr\u00e9atif \u00e0 partager avec votre enfant, pour un moment de d\u00e9tente en famille.<\/p>\n<h2 style=\"text-align: left;\">L'atelier bien-\u00eatre et cr\u00e9atif \"mon animal int\u00e9rieur\"<\/h2>\n<p>Offrez \u00e0 votre enfant un moment doux et po\u00e9tique, entre imagination et relaxation.<\/p>\n<p>&nbsp;<\/p>\n<p>Tout d'abord, gr\u00e2ce \u00e0 <strong>un bain sonore apaisant<\/strong> (bols tib\u00e9tains, tambour oc\u00e9an, koshi, clochettes ou encore b\u00e2ton de pluie\u2026), l'enfant est invit\u00e9 \u00e0 voyager en lui. <strong>Il part alors \u00e0 la rencontre d'un animal imaginaire<\/strong>. C'est un moment de recentrage et d\u2019imaginaire guid\u00e9 par les sons.<\/p>\n<p>&nbsp;<\/p>\n<p>Ensuite, <strong>il cr\u00e9e un portrait personnalis\u00e9<\/strong>, doux et symbolique de son animal. Pour cel\u00e0, des stickers, stylos \u00e0 paillettes et \u00e9l\u00e9ments de d\u00e9coration sont mis \u00e0 sa disposition. Enfin, sa cr\u00e9ation est mise sous cadre, et l'enfant peut ainsi garder son portrait imaginaire.<\/p>\n<p>&nbsp;<\/p>\n<p>C'est atelier bien-\u00eatre et cr\u00e9atif est une exp\u00e9rience sensible, artistique et valorisante<strong>. <\/strong>Il est donc\u00a0<strong>id\u00e9al pour cultiver l\u2019estime de soi et la cr\u00e9ativit\u00e9<\/strong>.<\/p>\n<h3><\/h3>\n<p><strong>Atelier individuel ou duo (fratrie), \u00e0 domicile ou au salon<br \/>\n<\/strong><strong>Dur\u00e9e de l\u2019atelier<\/strong> : 1h15 environ<br \/>\n<strong>Tarif<\/strong> : 50\u20ac<br \/>\n<strong>Enfant suppl\u00e9mentaire<\/strong> : 10\u20ac<br \/>\nFrais de d\u00e9placement inclus dans un rayon de 10 km.<br \/>\nFais de d\u00e9placement (de 20 \u00e0 50 km aller-retour) : 15\u20ac<\/p>\n<p>&nbsp;<\/p>\n<p><a href=\"https:\/\/calendly.com\/vdelahousse\/seance-bien-etre\" target=\"_blank\" rel=\"noopener\">R\u00e9server votre s\u00e9ance\u00a0<\/a><\/p>\n<p><a href=\"https:\/\/www.lemonde-dici.com\/index.php\/seances-bien-etre-parents-enfants\/\" target=\"_blank\" rel=\"noopener\">Voir les s\u00e9ances bien-\u00eatre parents\/enfants\u00a0<\/a><\/p>\n<p>&nbsp;<\/p>\n<h3>Informations compl\u00e9mentaires<\/h3>\n<p>&nbsp;<\/p>\n<p><em>Le bain sonore est contre-indiqu\u00e9 si votre enfant se trouve dans une des situations suivantes :\u00a0<\/em><\/p>\n<ul>\n<li><em>Epilepsie (notamment provoqu\u00e9e par le son)<\/em><\/li>\n<li><em>Pacemaker, stent ou tout dispositif de stimulation c\u00e9r\u00e9brale ou cardiaque implant\u00e9<\/em><\/li>\n<li><em>Ath\u00e9roscl\u00e9rose carotidienne, plaque d'ath\u00e9rome et st\u00e9nose carotidienne<\/em><\/li>\n<li><em>inflammations, infections et fi\u00e8vres<\/em><\/li>\n<li><em>Thrombose veineuse profonde<\/em><\/li>\n<li><em>Pathologie psychiatrique (troubles dissociatifs)<\/em><\/li>\n<li><em>Maladie grave \u00e9volutive (cancers...)<\/em><\/li>\n<\/ul>\n<p>&nbsp;<\/p>\n<p><em>Mais il pourra \u00eatre adapt\u00e9 dans les cas suivants :\u00a0<\/em><\/p>\n<ul>\n<li><em>Thrombose veineuse superficielle<\/em><\/li>\n<li><em>Troubles ORL<\/em><\/li>\n<\/ul>\n<\/div>\n<\/div><\/div><\/div><div id=\"pgc-3097-1-1\"  class=\"panel-grid-cell\" ><div id=\"panel-3097-1-1-0\" class=\"so-panel widget widget_sow-image panel-first-child panel-last-child\" data-index=\"2\" ><div\n\t\t\t\n\t\t\tclass=\"so-widget-sow-image so-widget-sow-image-default-8b5b6f678277-3097\"\n\t\t\t\n\t\t>\n<div class=\"sow-image-container\">\n\t\t<img \n\tsrc=\"https:\/\/www.lemonde-dici.com\/wp-content\/uploads\/2025\/07\/Capture-de\u0301cran-2025-07-02-a\u0300-16.30.59.png\" width=\"727\" height=\"552\" srcset=\"https:\/\/www.lemonde-dici.com\/wp-content\/uploads\/2025\/07\/Capture-de\u0301cran-2025-07-02-a\u0300-16.30.59.png 727w, https:\/\/www.lemonde-dici.com\/wp-content\/uploads\/2025\/07\/Capture-de\u0301cran-2025-07-02-a\u0300-16.30.59-300x228.png 300w\" sizes=\"(max-width: 727px) 100vw, 727px\" title=\"atelier bien-\u00eatre et cr\u00e9atif enfant\" alt=\"atelier bien-\u00eatre et cr\u00e9atif enfant\" \t\tclass=\"so-widget-image\"\/>\n\t<\/div>\n\n<\/div><\/div><\/div><\/div><\/div><\/div>","protected":false},"excerpt":{"rendered":"<p>Atelier bien \u00eatre et cr\u00e9atif enfant &#8211; \u00ab\u00a0Mon animal Int\u00e9rieur\u00a0\u00bb R\u00c9SERVER VOTRE S\u00c9ANCE COMMANDER VOTRE CARTE CADEAU &nbsp; Je vous propose un atelier bien-\u00eatre et cr\u00e9atif \u00e0 partager avec votre enfant, pour un moment de d\u00e9tente en famille. L&rsquo;atelier bien-\u00eatre et cr\u00e9atif \u00ab\u00a0mon animal int\u00e9rieur\u00a0\u00bb Offrez \u00e0 votre enfant un moment doux et po\u00e9tique, entre [&hellip;]<\/p>\n","protected":false},"author":2,"featured_media":0,"parent":0,"menu_order":0,"comment_status":"closed","ping_status":"closed","template":"","meta":{"_exactmetrics_skip_tracking":false,"_exactmetrics_sitenote_active":false,"_exactmetrics_sitenote_note":"","_exactmetrics_sitenote_category":0,"footnotes":""},"class_list":["post-3097","page","type-page","status-publish","hentry","post"],"yoast_head":"<!-- This site is optimized with the Yoast SEO plugin v26.4 - https:\/\/yoast.com\/wordpress\/plugins\/seo\/ -->\n<title>Atelier bien \u00eatre et cr\u00e9atif enfant - &quot;Mon animal Int\u00e9rieur&quot; - Le Monde d&#039;ICI<\/title>\n<meta name=\"description\" content=\"atelier bien-\u00eatre et cr\u00e9atif enfant autour d&#039;Angers : &quot;Mon animal int\u00e9rieur&quot;. Un bain sonore suivi d&#039;un moment de cr\u00e9ativit\u00e9.\" \/>\n<meta name=\"robots\" content=\"index, follow, max-snippet:-1, max-image-preview:large, max-video-preview:-1\" \/>\n<link rel=\"canonical\" href=\"https:\/\/www.lemonde-dici.com\/index.php\/atelier-bien-etre-et-creatif-enfant\/\" \/>\n<meta property=\"og:locale\" content=\"fr_FR\" \/>\n<meta property=\"og:type\" content=\"article\" \/>\n<meta property=\"og:title\" content=\"Atelier bien \u00eatre et cr\u00e9atif enfant - &quot;Mon animal Int\u00e9rieur&quot; - Le Monde d&#039;ICI\" \/>\n<meta property=\"og:description\" content=\"atelier bien-\u00eatre et cr\u00e9atif enfant autour d&#039;Angers : &quot;Mon animal int\u00e9rieur&quot;. Un bain sonore suivi d&#039;un moment de cr\u00e9ativit\u00e9.\" \/>\n<meta property=\"og:url\" content=\"https:\/\/www.lemonde-dici.com\/index.php\/atelier-bien-etre-et-creatif-enfant\/\" \/>\n<meta property=\"og:site_name\" content=\"Le Monde d&#039;ICI\" \/>\n<meta property=\"article:modified_time\" content=\"2026-03-02T11:30:45+00:00\" \/>\n<meta name=\"twitter:card\" content=\"summary_large_image\" \/>\n<meta name=\"twitter:label1\" content=\"Dur\u00e9e de lecture estim\u00e9e\" \/>\n\t<meta name=\"twitter:data1\" content=\"2 minutes\" \/>\n<script type=\"application\/ld+json\" class=\"yoast-schema-graph\">{\"@context\":\"https:\/\/schema.org\",\"@graph\":[{\"@type\":\"WebPage\",\"@id\":\"https:\/\/www.lemonde-dici.com\/index.php\/atelier-bien-etre-et-creatif-enfant\/\",\"url\":\"https:\/\/www.lemonde-dici.com\/index.php\/atelier-bien-etre-et-creatif-enfant\/\",\"name\":\"Atelier bien \u00eatre et cr\u00e9atif enfant - \\\"Mon animal Int\u00e9rieur\\\" - Le Monde d&#039;ICI\",\"isPartOf\":{\"@id\":\"https:\/\/www.lemonde-dici.com\/#website\"},\"datePublished\":\"2025-07-02T14:32:44+00:00\",\"dateModified\":\"2026-03-02T11:30:45+00:00\",\"description\":\"atelier bien-\u00eatre et cr\u00e9atif enfant autour d'Angers : \\\"Mon animal int\u00e9rieur\\\". Un bain sonore suivi d'un moment de cr\u00e9ativit\u00e9.\",\"breadcrumb\":{\"@id\":\"https:\/\/www.lemonde-dici.com\/index.php\/atelier-bien-etre-et-creatif-enfant\/#breadcrumb\"},\"inLanguage\":\"fr-FR\",\"potentialAction\":[{\"@type\":\"ReadAction\",\"target\":[\"https:\/\/www.lemonde-dici.com\/index.php\/atelier-bien-etre-et-creatif-enfant\/\"]}]},{\"@type\":\"BreadcrumbList\",\"@id\":\"https:\/\/www.lemonde-dici.com\/index.php\/atelier-bien-etre-et-creatif-enfant\/#breadcrumb\",\"itemListElement\":[{\"@type\":\"ListItem\",\"position\":1,\"name\":\"Accueil\",\"item\":\"https:\/\/www.lemonde-dici.com\/\"},{\"@type\":\"ListItem\",\"position\":2,\"name\":\"Atelier bien \u00eatre et cr\u00e9atif enfant &#8211; \u00ab\u00a0Mon animal Int\u00e9rieur\u00a0\u00bb\"}]},{\"@type\":\"WebSite\",\"@id\":\"https:\/\/www.lemonde-dici.com\/#website\",\"url\":\"https:\/\/www.lemonde-dici.com\/\",\"name\":\"Le Monde d&#039;ICI\",\"description\":\"\",\"potentialAction\":[{\"@type\":\"SearchAction\",\"target\":{\"@type\":\"EntryPoint\",\"urlTemplate\":\"https:\/\/www.lemonde-dici.com\/?s={search_term_string}\"},\"query-input\":{\"@type\":\"PropertyValueSpecification\",\"valueRequired\":true,\"valueName\":\"search_term_string\"}}],\"inLanguage\":\"fr-FR\"}]}<\/script>\n<!-- \/ Yoast SEO plugin. -->","yoast_head_json":{"title":"Atelier bien \u00eatre et cr\u00e9atif enfant - \"Mon animal Int\u00e9rieur\" - Le Monde d&#039;ICI","description":"atelier bien-\u00eatre et cr\u00e9atif enfant autour d'Angers : \"Mon animal int\u00e9rieur\". Un bain sonore suivi d'un moment de cr\u00e9ativit\u00e9.","robots":{"index":"index","follow":"follow","max-snippet":"max-snippet:-1","max-image-preview":"max-image-preview:large","max-video-preview":"max-video-preview:-1"},"canonical":"https:\/\/www.lemonde-dici.com\/index.php\/atelier-bien-etre-et-creatif-enfant\/","og_locale":"fr_FR","og_type":"article","og_title":"Atelier bien \u00eatre et cr\u00e9atif enfant - \"Mon animal Int\u00e9rieur\" - Le Monde d&#039;ICI","og_description":"atelier bien-\u00eatre et cr\u00e9atif enfant autour d'Angers : \"Mon animal int\u00e9rieur\". Un bain sonore suivi d'un moment de cr\u00e9ativit\u00e9.","og_url":"https:\/\/www.lemonde-dici.com\/index.php\/atelier-bien-etre-et-creatif-enfant\/","og_site_name":"Le Monde d&#039;ICI","article_modified_time":"2026-03-02T11:30:45+00:00","twitter_card":"summary_large_image","twitter_misc":{"Dur\u00e9e de lecture estim\u00e9e":"2 minutes"},"schema":{"@context":"https:\/\/schema.org","@graph":[{"@type":"WebPage","@id":"https:\/\/www.lemonde-dici.com\/index.php\/atelier-bien-etre-et-creatif-enfant\/","url":"https:\/\/www.lemonde-dici.com\/index.php\/atelier-bien-etre-et-creatif-enfant\/","name":"Atelier bien \u00eatre et cr\u00e9atif enfant - \"Mon animal Int\u00e9rieur\" - Le Monde d&#039;ICI","isPartOf":{"@id":"https:\/\/www.lemonde-dici.com\/#website"},"datePublished":"2025-07-02T14:32:44+00:00","dateModified":"2026-03-02T11:30:45+00:00","description":"atelier bien-\u00eatre et cr\u00e9atif enfant autour d'Angers : \"Mon animal int\u00e9rieur\". Un bain sonore suivi d'un moment de cr\u00e9ativit\u00e9.","breadcrumb":{"@id":"https:\/\/www.lemonde-dici.com\/index.php\/atelier-bien-etre-et-creatif-enfant\/#breadcrumb"},"inLanguage":"fr-FR","potentialAction":[{"@type":"ReadAction","target":["https:\/\/www.lemonde-dici.com\/index.php\/atelier-bien-etre-et-creatif-enfant\/"]}]},{"@type":"BreadcrumbList","@id":"https:\/\/www.lemonde-dici.com\/index.php\/atelier-bien-etre-et-creatif-enfant\/#breadcrumb","itemListElement":[{"@type":"ListItem","position":1,"name":"Accueil","item":"https:\/\/www.lemonde-dici.com\/"},{"@type":"ListItem","position":2,"name":"Atelier bien \u00eatre et cr\u00e9atif enfant &#8211; \u00ab\u00a0Mon animal Int\u00e9rieur\u00a0\u00bb"}]},{"@type":"WebSite","@id":"https:\/\/www.lemonde-dici.com\/#website","url":"https:\/\/www.lemonde-dici.com\/","name":"Le Monde d&#039;ICI","description":"","potentialAction":[{"@type":"SearchAction","target":{"@type":"EntryPoint","urlTemplate":"https:\/\/www.lemonde-dici.com\/?s={search_term_string}"},"query-input":{"@type":"PropertyValueSpecification","valueRequired":true,"valueName":"search_term_string"}}],"inLanguage":"fr-FR"}]}},"_links":{"self":[{"href":"https:\/\/www.lemonde-dici.com\/index.php\/wp-json\/wp\/v2\/pages\/3097","targetHints":{"allow":["GET"]}}],"collection":[{"href":"https:\/\/www.lemonde-dici.com\/index.php\/wp-json\/wp\/v2\/pages"}],"about":[{"href":"https:\/\/www.lemonde-dici.com\/index.php\/wp-json\/wp\/v2\/types\/page"}],"author":[{"embeddable":true,"href":"https:\/\/www.lemonde-dici.com\/index.php\/wp-json\/wp\/v2\/users\/2"}],"replies":[{"embeddable":true,"href":"https:\/\/www.lemonde-dici.com\/index.php\/wp-json\/wp\/v2\/comments?post=3097"}],"version-history":[{"count":24,"href":"https:\/\/www.lemonde-dici.com\/index.php\/wp-json\/wp\/v2\/pages\/3097\/revisions"}],"predecessor-version":[{"id":3158,"href":"https:\/\/www.lemonde-dici.com\/index.php\/wp-json\/wp\/v2\/pages\/3097\/revisions\/3158"}],"wp:attachment":[{"href":"https:\/\/www.lemonde-dici.com\/index.php\/wp-json\/wp\/v2\/media?parent=3097"}],"curies":[{"name":"wp","href":"https:\/\/api.w.org\/{rel}","templated":true}]}}