{"id":2405,"date":"2022-09-21T16:55:14","date_gmt":"2022-09-21T14:55:14","guid":{"rendered":"https:\/\/www.lemonde-dici.com\/?page_id=2405"},"modified":"2025-11-10T15:58:50","modified_gmt":"2025-11-10T14:58:50","slug":"massage-bien-etre-assis-en-entreprise-sur-angers-et-maine-et-loire","status":"publish","type":"page","link":"https:\/\/www.lemonde-dici.com\/index.php\/massage-bien-etre-assis-en-entreprise-sur-angers-et-maine-et-loire\/","title":{"rendered":"Massage bien-\u00eatre assis en entreprise"},"content":{"rendered":"<div id=\"pl-2405\"  class=\"panel-layout\" ><div id=\"pg-2405-0\"  class=\"panel-grid panel-has-style\" ><div class=\"siteorigin-panels-stretch panel-row-style-full-width panel-row-style panel-row-style-for-2405-0\" style=\"background-color: #ffffff; \" data-stretch-type=\"full\" ><div id=\"pgc-2405-0-0\"  class=\"panel-grid-cell\" ><div id=\"panel-2405-0-0-0\" class=\"so-panel widget widget_sow-editor panel-first-child panel-last-child\" data-index=\"0\" ><div\n\t\t\t\n\t\t\tclass=\"so-widget-sow-editor so-widget-sow-editor-base\"\n\t\t\t\n\t\t>\n<div class=\"siteorigin-widget-tinymce textwidget\">\n\t<h1 style=\"text-align: center;\">Le massage bien-\u00eatre assis en entreprise sur Angers et le Maine-et-Loire<\/h1>\n<\/div>\n<\/div><\/div><\/div><\/div><\/div><div id=\"pg-2405-1\"  class=\"panel-grid panel-has-style\" ><div class=\"siteorigin-panels-stretch panel-row-style-full-width panel-row-style panel-row-style-for-2405-1\" style=\"background-color: #ffffff; \" data-stretch-type=\"full\" ><div id=\"pgc-2405-1-0\"  class=\"panel-grid-cell\" ><div id=\"panel-2405-1-0-0\" class=\"so-panel widget widget_sow-editor panel-first-child\" data-index=\"1\" ><div\n\t\t\t\n\t\t\tclass=\"so-widget-sow-editor so-widget-sow-editor-base\"\n\t\t\t\n\t\t>\n<div class=\"siteorigin-widget-tinymce textwidget\">\n\t<p>Je vous propose du massage bien-\u00eatre assis en entreprise sur Angers et le Maine-et-Loire. C'est en effet un soin tr\u00e8s efficace pour d\u00e9tendre rapidement et qui s'adapte particuli\u00e8rement bien au milieu professionnel.<\/p>\n<p>&nbsp;<\/p>\n<p><a href=\"https:\/\/www.lemonde-dici.com\/index.php\/contact-et-reservation\/\">Demandez un devis\u00a0<\/a><\/p>\n<p>&nbsp;<\/p>\n<h2>D\u00e9roul\u00e9 des s\u00e9ances de massage bien-\u00eatre assis en entreprise sur Angers et le Maine-et-Loire<\/h2>\n<p><strong>Le massage bien-\u00eatre assis se r\u00e9alise sans huile et <\/strong><strong>par dessus les v\u00eatements. <\/strong>On utilise des man\u0153uvres tr\u00e8s efficaces pour <strong>d\u00e9tendre<\/strong> <strong>rapidement<\/strong> et profond\u00e9ment : p\u00e9trissages, pression sur les zones de tensions et les zones \u00e9nerg\u00e9tiques strat\u00e9giques (avec les paumes, les pouces le coude), \u00e9tirements et mobilisations. On vient masser <strong>le dos, la nuque, le cr\u00e2ne, les mains et les bras<\/strong>.<\/p>\n<p>D'une dur\u00e9e de <strong>15 min \u00e0 20 min<\/strong>, il est possible de faire profiter plusieurs personnes de ce moment de relaxation sur une m\u00eame s\u00e9ance.<\/p>\n<p>&nbsp;<\/p>\n<\/div>\n<\/div><\/div><div id=\"panel-2405-1-0-1\" class=\"so-panel widget widget_sow-editor\" data-index=\"2\" ><div\n\t\t\t\n\t\t\tclass=\"so-widget-sow-editor so-widget-sow-editor-base\"\n\t\t\t\n\t\t>\n<div class=\"siteorigin-widget-tinymce textwidget\">\n\t<h2>Les bienfaits du massage bien-\u00eatre assis en entreprise<\/h2>\n<h3>Se ressourcer<\/h3>\n<p>Gr\u00e2ce aux diff\u00e9rentes man\u0153uvres, notamment celles visant \u00e0 faire circuler l\u2019\u00e9nergie dans le corps, la personne mass\u00e9e ressort d\u00e9tendue et ressourc\u00e9e.<\/p>\n<h3><\/h3>\n<h3>Un moment de d\u00e9connexion<\/h3>\n<p>La personne mass\u00e9e est positionn\u00e9e de mani\u00e8re \u00e0 \u00eatre dans \u201csa bulle\u201d. En effet, cela facilite le l\u00e2cher-prise et la d\u00e9connexion. En se reconnectant au corps, l\u2019esprit ressort aussi apais\u00e9 et la reprise du travail peut se faire avec plus de s\u00e9r\u00e9nit\u00e9.<\/p>\n<h3><\/h3>\n<h3>Pr\u00e9vention des tensions et bien-\u00eatre global<\/h3>\n<p>Le massage bien-\u00eatre assis concourt \u00e0 la pr\u00e9vention des tensions parfois d\u00fbes aux postures de travail. En effet, il apporte un apaisement du corps et de l\u2019esprit. C'est pourquoi les effets sont imm\u00e9diats et... durables ! On se sent moins \u00e9triqu\u00e9 dans nos gestes, plus libres, plus droit et plus d\u00e9tendu.<\/p>\n<h3><\/h3>\n<h3>Apaiser le stress et la fatigue<\/h3>\n<p>La s\u00e9ance permet d\u2019apporter une apaisement du corps et de l\u2019esprit qui permet alors d\u2019att\u00e9nuer le stress. L\u2019\u00e9nergie circule mieux dans le corps et donc la fatigue diminue. R\u00e9sultat : on se sent plus l\u00e9ger.<\/p>\n<p>&nbsp;<\/p>\n<\/div>\n<\/div><\/div><div id=\"panel-2405-1-0-2\" class=\"so-panel widget widget_sow-editor\" data-index=\"3\" ><div\n\t\t\t\n\t\t\tclass=\"so-widget-sow-editor so-widget-sow-editor-base\"\n\t\t\t\n\t\t>\n<div class=\"siteorigin-widget-tinymce textwidget\">\n\t<h2>A qui s'adressent ces s\u00e9ances de massage bien-\u00eatre assis ?<\/h2>\n<h3>Au sein des entreprises<\/h3>\n<p>Inspir\u00e9 de techniques japonaises, le massage assis, <strong>appel\u00e9 \u00e9galement massage amma assis,<\/strong> est tr\u00e8s utilis\u00e9 aux Etats-Unis pour les massages dans les entreprises.<br \/>\nEn France, la prise en compte du <strong>bien-\u00eatre des salari\u00e9s au sein des entreprises<\/strong> se d\u00e9veloppe. Ainsi, la qualit\u00e9 de vie sur le lieu de travail est un crit\u00e8re non n\u00e9gligeable pour les salari\u00e9s et un v\u00e9ritable enjeu pour les entreprises. Elle s\u2019inscrit dans une d\u00e9marche complexe et quotidienne.<br \/>\nLes s\u00e9ances de massage bien-\u00eatre assis participent \u00e0 cette d\u00e9marche globale. Elle permettent, entre autres, de<strong> valoriser l\u2019\u00e9quipe, d\u2019agir sur le climat collectif, de sensibiliser au bien-\u00eatre physique<\/strong>. Une premi\u00e8re pierre \u00e0 cet \u00e9difice...<\/p>\n<h3><\/h3>\n<h3>Lors de vos \u00e9v\u00e8nements<\/h3>\n<p><strong>S\u00e9minaires, salon, \u00e9v\u00e8nements<\/strong>... le massage bien-\u00eatre assis \u00e0 l'avantage de pouvoir se pratiquer facilement dans beaucoup de contextes diff\u00e9rents. <strong>Un petit espace suffit.<\/strong> Les personnes mass\u00e9es sont \"isol\u00e9es\" dans leur bulle gr\u00e2ce \u00e0 la chaise de massage.<br \/>\nId\u00e9al pour faire d\u00e9couvrir la pratique du massage bien-\u00eatre, ces s\u00e9ances permettent de proposer une petite animation sur vos salons, \u00e9v\u00e8nements...<\/p>\n<p>&nbsp;<\/p>\n<\/div>\n<\/div><\/div><div id=\"panel-2405-1-0-3\" class=\"so-panel widget widget_sow-editor\" data-index=\"4\" ><div\n\t\t\t\n\t\t\tclass=\"so-widget-sow-editor so-widget-sow-editor-base\"\n\t\t\t\n\t\t>\n<div class=\"siteorigin-widget-tinymce textwidget\">\n\t<h2>Avantages d'une s\u00e9ance de massage bien-\u00eatre assis en entreprise<\/h2>\n<ul>\n<li>Une activit\u00e9 adapt\u00e9e aux entreprise<\/li>\n<li>Tout est fourni (t\u00eati\u00e8res jetables, musiques et lumi\u00e8re d'ambiance quand cela est possible).<\/li>\n<li>Facile \u00e0 installer, un petit espace suffit.<\/li>\n<li>Les personnes mass\u00e9es restent habill\u00e9es.<\/li>\n<li>Les s\u00e9ances sont adapt\u00e9es aux contraintes de l\u2019entreprise gr\u00e2ce \u00e0 la courte dur\u00e9e des s\u00e9ances.<\/li>\n<li>Les personnes mass\u00e9es repartent d\u00e9tendue et ressourc\u00e9es, mais elles ne sont pas endormies.<\/li>\n<li>Plus apais\u00e9 et moins stress\u00e9, il est plus facile de reprendre le travail avec recul et s\u00e9r\u00e9nit\u00e9.<\/li>\n<li>L\u2019\u00e9quipe se sent valoris\u00e9e par la prise en compte de son bien-\u00eatre sur son lieu de travail.<\/li>\n<li>Plusieurs personnes peuvent \u00eatre mass\u00e9es lors de l'organisation d'une s\u00e9ance.<\/li>\n<li>Respect des r\u00e8gles d'hygi\u00e8ne entre deux s\u00e9ances individuelles<\/li>\n<\/ul>\n<\/div>\n<\/div><\/div><div id=\"panel-2405-1-0-4\" class=\"so-panel widget widget_sow-editor panel-last-child\" data-index=\"5\" ><div\n\t\t\t\n\t\t\tclass=\"so-widget-sow-editor so-widget-sow-editor-base\"\n\t\t\t\n\t\t>\n<div class=\"siteorigin-widget-tinymce textwidget\">\n\t<p><em><strong>* Le massage bien-\u00eatre assis ne s'apparente \u00e0 aucune pratique m\u00e9dicale, ni param\u00e9dicale. Il ne s'agit pas de massage th\u00e9rapeutique mais d\u2019une relaxation.<\/strong><\/em><\/p>\n<\/div>\n<\/div><\/div><\/div><div id=\"pgc-2405-1-1\"  class=\"panel-grid-cell\" ><div id=\"panel-2405-1-1-0\" class=\"so-panel widget widget_sow-image panel-first-child\" data-index=\"6\" ><div\n\t\t\t\n\t\t\tclass=\"so-widget-sow-image so-widget-sow-image-default-8b5b6f678277-2405\"\n\t\t\t\n\t\t>\n<div class=\"sow-image-container\">\n\t\t<img \n\tsrc=\"https:\/\/www.lemonde-dici.com\/wp-content\/uploads\/2022\/09\/39853203_xl-recadre\u0301e.jpg\" width=\"1000\" height=\"1500\" srcset=\"https:\/\/www.lemonde-dici.com\/wp-content\/uploads\/2022\/09\/39853203_xl-recadre\u0301e.jpg 1000w, https:\/\/www.lemonde-dici.com\/wp-content\/uploads\/2022\/09\/39853203_xl-recadre\u0301e-200x300.jpg 200w, https:\/\/www.lemonde-dici.com\/wp-content\/uploads\/2022\/09\/39853203_xl-recadre\u0301e-683x1024.jpg 683w, https:\/\/www.lemonde-dici.com\/wp-content\/uploads\/2022\/09\/39853203_xl-recadre\u0301e-768x1152.jpg 768w\" sizes=\"(max-width: 1000px) 100vw, 1000px\" title=\"Espace cocooning et d\u00e9tente\" alt=\"D\u00e9coration nature pour l&#039;escapade sensorielle\" \t\tclass=\"so-widget-image\"\/>\n\t<\/div>\n\n<\/div><\/div><div id=\"panel-2405-1-1-1\" class=\"so-panel widget widget_sow-image\" data-index=\"7\" ><div\n\t\t\t\n\t\t\tclass=\"so-widget-sow-image so-widget-sow-image-default-8b5b6f678277-2405\"\n\t\t\t\n\t\t>\n<div class=\"sow-image-container\">\n\t\t<img \n\tsrc=\"https:\/\/www.lemonde-dici.com\/wp-content\/uploads\/2022\/09\/114326275_xl.jpg\" width=\"1500\" height=\"1001\" srcset=\"https:\/\/www.lemonde-dici.com\/wp-content\/uploads\/2022\/09\/114326275_xl.jpg 1500w, https:\/\/www.lemonde-dici.com\/wp-content\/uploads\/2022\/09\/114326275_xl-300x200.jpg 300w, https:\/\/www.lemonde-dici.com\/wp-content\/uploads\/2022\/09\/114326275_xl-1024x683.jpg 1024w, https:\/\/www.lemonde-dici.com\/wp-content\/uploads\/2022\/09\/114326275_xl-768x513.jpg 768w, https:\/\/www.lemonde-dici.com\/wp-content\/uploads\/2022\/09\/114326275_xl-272x182.jpg 272w\" sizes=\"(max-width: 1500px) 100vw, 1500px\" title=\"Espace cocooning et d\u00e9tente\" alt=\"D\u00e9coration nature pour l&#039;escapade sensorielle\" \t\tclass=\"so-widget-image\"\/>\n\t<\/div>\n\n<\/div><\/div><div id=\"panel-2405-1-1-2\" class=\"so-panel widget widget_sow-image panel-last-child\" data-index=\"8\" ><div\n\t\t\t\n\t\t\tclass=\"so-widget-sow-image so-widget-sow-image-default-8b5b6f678277-2405\"\n\t\t\t\n\t\t>\n<div class=\"sow-image-container\">\n\t\t<img \n\tsrc=\"https:\/\/www.lemonde-dici.com\/wp-content\/uploads\/2022\/09\/105227269_xl.jpg\" width=\"1500\" height=\"1001\" srcset=\"https:\/\/www.lemonde-dici.com\/wp-content\/uploads\/2022\/09\/105227269_xl.jpg 1500w, https:\/\/www.lemonde-dici.com\/wp-content\/uploads\/2022\/09\/105227269_xl-300x200.jpg 300w, https:\/\/www.lemonde-dici.com\/wp-content\/uploads\/2022\/09\/105227269_xl-1024x683.jpg 1024w, https:\/\/www.lemonde-dici.com\/wp-content\/uploads\/2022\/09\/105227269_xl-768x513.jpg 768w, https:\/\/www.lemonde-dici.com\/wp-content\/uploads\/2022\/09\/105227269_xl-272x182.jpg 272w\" sizes=\"(max-width: 1500px) 100vw, 1500px\" title=\"Espace cocooning et d\u00e9tente\" alt=\"D\u00e9coration nature pour l&#039;escapade sensorielle\" \t\tclass=\"so-widget-image\"\/>\n\t<\/div>\n\n<\/div><\/div><\/div><\/div><\/div><\/div>","protected":false},"excerpt":{"rendered":"<p>Le massage bien-\u00eatre assis en entreprise sur Angers et le Maine-et-Loire Je vous propose du massage bien-\u00eatre assis en entreprise sur Angers et le Maine-et-Loire. C&rsquo;est en effet un soin tr\u00e8s efficace pour d\u00e9tendre rapidement et qui s&rsquo;adapte particuli\u00e8rement bien au milieu professionnel. &nbsp; Demandez un devis\u00a0 &nbsp; D\u00e9roul\u00e9 des s\u00e9ances de massage bien-\u00eatre assis [&hellip;]<\/p>\n","protected":false},"author":2,"featured_media":0,"parent":0,"menu_order":0,"comment_status":"closed","ping_status":"closed","template":"","meta":{"_exactmetrics_skip_tracking":false,"_exactmetrics_sitenote_active":false,"_exactmetrics_sitenote_note":"","_exactmetrics_sitenote_category":0,"footnotes":""},"class_list":["post-2405","page","type-page","status-publish","hentry","post"],"yoast_head":"<!-- This site is optimized with the Yoast SEO plugin v26.4 - https:\/\/yoast.com\/wordpress\/plugins\/seo\/ -->\n<title>Massage bien-\u00eatre assis en entreprise sur Angers - Le Monde d&#039;ICI<\/title>\n<meta name=\"description\" content=\"Massage bien-\u00eatre assis en entreprise sur Angers et le Maine-et-Loire : un massage court et adapt\u00e9 au monde professionnel.\" \/>\n<meta name=\"robots\" content=\"index, follow, max-snippet:-1, max-image-preview:large, max-video-preview:-1\" \/>\n<link rel=\"canonical\" href=\"https:\/\/www.lemonde-dici.com\/index.php\/massage-bien-etre-assis-en-entreprise-sur-angers-et-maine-et-loire\/\" \/>\n<meta property=\"og:locale\" content=\"fr_FR\" \/>\n<meta property=\"og:type\" content=\"article\" \/>\n<meta property=\"og:title\" content=\"Massage bien-\u00eatre assis en entreprise sur Angers - Le Monde d&#039;ICI\" \/>\n<meta property=\"og:description\" content=\"Massage bien-\u00eatre assis en entreprise sur Angers et le Maine-et-Loire : un massage court et adapt\u00e9 au monde professionnel.\" \/>\n<meta property=\"og:url\" content=\"https:\/\/www.lemonde-dici.com\/index.php\/massage-bien-etre-assis-en-entreprise-sur-angers-et-maine-et-loire\/\" \/>\n<meta property=\"og:site_name\" content=\"Le Monde d&#039;ICI\" \/>\n<meta property=\"article:modified_time\" content=\"2025-11-10T14:58:50+00:00\" \/>\n<meta name=\"twitter:card\" content=\"summary_large_image\" \/>\n<meta name=\"twitter:label1\" content=\"Dur\u00e9e de lecture estim\u00e9e\" \/>\n\t<meta name=\"twitter:data1\" content=\"4 minutes\" \/>\n<script type=\"application\/ld+json\" class=\"yoast-schema-graph\">{\"@context\":\"https:\/\/schema.org\",\"@graph\":[{\"@type\":\"WebPage\",\"@id\":\"https:\/\/www.lemonde-dici.com\/index.php\/massage-bien-etre-assis-en-entreprise-sur-angers-et-maine-et-loire\/\",\"url\":\"https:\/\/www.lemonde-dici.com\/index.php\/massage-bien-etre-assis-en-entreprise-sur-angers-et-maine-et-loire\/\",\"name\":\"Massage bien-\u00eatre assis en entreprise sur Angers - Le Monde d&#039;ICI\",\"isPartOf\":{\"@id\":\"https:\/\/www.lemonde-dici.com\/#website\"},\"datePublished\":\"2022-09-21T14:55:14+00:00\",\"dateModified\":\"2025-11-10T14:58:50+00:00\",\"description\":\"Massage bien-\u00eatre assis en entreprise sur Angers et le Maine-et-Loire : un massage court et adapt\u00e9 au monde professionnel.\",\"breadcrumb\":{\"@id\":\"https:\/\/www.lemonde-dici.com\/index.php\/massage-bien-etre-assis-en-entreprise-sur-angers-et-maine-et-loire\/#breadcrumb\"},\"inLanguage\":\"fr-FR\",\"potentialAction\":[{\"@type\":\"ReadAction\",\"target\":[\"https:\/\/www.lemonde-dici.com\/index.php\/massage-bien-etre-assis-en-entreprise-sur-angers-et-maine-et-loire\/\"]}]},{\"@type\":\"BreadcrumbList\",\"@id\":\"https:\/\/www.lemonde-dici.com\/index.php\/massage-bien-etre-assis-en-entreprise-sur-angers-et-maine-et-loire\/#breadcrumb\",\"itemListElement\":[{\"@type\":\"ListItem\",\"position\":1,\"name\":\"Accueil\",\"item\":\"https:\/\/www.lemonde-dici.com\/\"},{\"@type\":\"ListItem\",\"position\":2,\"name\":\"Massage bien-\u00eatre assis en entreprise\"}]},{\"@type\":\"WebSite\",\"@id\":\"https:\/\/www.lemonde-dici.com\/#website\",\"url\":\"https:\/\/www.lemonde-dici.com\/\",\"name\":\"Le Monde d&#039;ICI\",\"description\":\"\",\"potentialAction\":[{\"@type\":\"SearchAction\",\"target\":{\"@type\":\"EntryPoint\",\"urlTemplate\":\"https:\/\/www.lemonde-dici.com\/?s={search_term_string}\"},\"query-input\":{\"@type\":\"PropertyValueSpecification\",\"valueRequired\":true,\"valueName\":\"search_term_string\"}}],\"inLanguage\":\"fr-FR\"}]}<\/script>\n<!-- \/ Yoast SEO plugin. -->","yoast_head_json":{"title":"Massage bien-\u00eatre assis en entreprise sur Angers - Le Monde d&#039;ICI","description":"Massage bien-\u00eatre assis en entreprise sur Angers et le Maine-et-Loire : un massage court et adapt\u00e9 au monde professionnel.","robots":{"index":"index","follow":"follow","max-snippet":"max-snippet:-1","max-image-preview":"max-image-preview:large","max-video-preview":"max-video-preview:-1"},"canonical":"https:\/\/www.lemonde-dici.com\/index.php\/massage-bien-etre-assis-en-entreprise-sur-angers-et-maine-et-loire\/","og_locale":"fr_FR","og_type":"article","og_title":"Massage bien-\u00eatre assis en entreprise sur Angers - Le Monde d&#039;ICI","og_description":"Massage bien-\u00eatre assis en entreprise sur Angers et le Maine-et-Loire : un massage court et adapt\u00e9 au monde professionnel.","og_url":"https:\/\/www.lemonde-dici.com\/index.php\/massage-bien-etre-assis-en-entreprise-sur-angers-et-maine-et-loire\/","og_site_name":"Le Monde d&#039;ICI","article_modified_time":"2025-11-10T14:58:50+00:00","twitter_card":"summary_large_image","twitter_misc":{"Dur\u00e9e de lecture estim\u00e9e":"4 minutes"},"schema":{"@context":"https:\/\/schema.org","@graph":[{"@type":"WebPage","@id":"https:\/\/www.lemonde-dici.com\/index.php\/massage-bien-etre-assis-en-entreprise-sur-angers-et-maine-et-loire\/","url":"https:\/\/www.lemonde-dici.com\/index.php\/massage-bien-etre-assis-en-entreprise-sur-angers-et-maine-et-loire\/","name":"Massage bien-\u00eatre assis en entreprise sur Angers - Le Monde d&#039;ICI","isPartOf":{"@id":"https:\/\/www.lemonde-dici.com\/#website"},"datePublished":"2022-09-21T14:55:14+00:00","dateModified":"2025-11-10T14:58:50+00:00","description":"Massage bien-\u00eatre assis en entreprise sur Angers et le Maine-et-Loire : un massage court et adapt\u00e9 au monde professionnel.","breadcrumb":{"@id":"https:\/\/www.lemonde-dici.com\/index.php\/massage-bien-etre-assis-en-entreprise-sur-angers-et-maine-et-loire\/#breadcrumb"},"inLanguage":"fr-FR","potentialAction":[{"@type":"ReadAction","target":["https:\/\/www.lemonde-dici.com\/index.php\/massage-bien-etre-assis-en-entreprise-sur-angers-et-maine-et-loire\/"]}]},{"@type":"BreadcrumbList","@id":"https:\/\/www.lemonde-dici.com\/index.php\/massage-bien-etre-assis-en-entreprise-sur-angers-et-maine-et-loire\/#breadcrumb","itemListElement":[{"@type":"ListItem","position":1,"name":"Accueil","item":"https:\/\/www.lemonde-dici.com\/"},{"@type":"ListItem","position":2,"name":"Massage bien-\u00eatre assis en entreprise"}]},{"@type":"WebSite","@id":"https:\/\/www.lemonde-dici.com\/#website","url":"https:\/\/www.lemonde-dici.com\/","name":"Le Monde d&#039;ICI","description":"","potentialAction":[{"@type":"SearchAction","target":{"@type":"EntryPoint","urlTemplate":"https:\/\/www.lemonde-dici.com\/?s={search_term_string}"},"query-input":{"@type":"PropertyValueSpecification","valueRequired":true,"valueName":"search_term_string"}}],"inLanguage":"fr-FR"}]}},"_links":{"self":[{"href":"https:\/\/www.lemonde-dici.com\/index.php\/wp-json\/wp\/v2\/pages\/2405","targetHints":{"allow":["GET"]}}],"collection":[{"href":"https:\/\/www.lemonde-dici.com\/index.php\/wp-json\/wp\/v2\/pages"}],"about":[{"href":"https:\/\/www.lemonde-dici.com\/index.php\/wp-json\/wp\/v2\/types\/page"}],"author":[{"embeddable":true,"href":"https:\/\/www.lemonde-dici.com\/index.php\/wp-json\/wp\/v2\/users\/2"}],"replies":[{"embeddable":true,"href":"https:\/\/www.lemonde-dici.com\/index.php\/wp-json\/wp\/v2\/comments?post=2405"}],"version-history":[{"count":37,"href":"https:\/\/www.lemonde-dici.com\/index.php\/wp-json\/wp\/v2\/pages\/2405\/revisions"}],"predecessor-version":[{"id":3353,"href":"https:\/\/www.lemonde-dici.com\/index.php\/wp-json\/wp\/v2\/pages\/2405\/revisions\/3353"}],"wp:attachment":[{"href":"https:\/\/www.lemonde-dici.com\/index.php\/wp-json\/wp\/v2\/media?parent=2405"}],"curies":[{"name":"wp","href":"https:\/\/api.w.org\/{rel}","templated":true}]}}